{"id":225026,"date":"2019-12-11T11:28:59","date_gmt":"2019-12-11T10:28:59","guid":{"rendered":"https:\/\/www.puertosdetenerife.org\/port-authority-of-santa-cruz-de-tenerife\/consejo-de-navegacion-y-puerto\/"},"modified":"2022-03-29T12:22:29","modified_gmt":"2022-03-29T11:22:29","slug":"consejo-de-navegacion-y-puerto","status":"publish","type":"page","link":"https:\/\/www.puertosdetenerife.org\/en\/port-authority-of-santa-cruz-de-tenerife\/consejo-de-navegacion-y-puerto\/","title":{"rendered":"Navigation and Port Board"},"content":{"rendered":"<p>[et_pb_section fb_built=&#8221;1&#8243; custom_padding_last_edited=&#8221;on|desktop&#8221; admin_label=&#8221;Mozart &#8211; Home &#8211; BG 1900&#215;923 Pixels&#8221; module_class=&#8221;mozart_consult_header&#8221; _builder_version=&#8221;4.15&#8243; background_enable_color=&#8221;off&#8221; background_image=&#8221;https:\/\/www.puertosdetenerife.org\/wp-content\/uploads\/2019\/09\/Preview-video-puertos.png&#8221; background_enable_video_mp4=&#8221;off&#8221; background_enable_video_webm=&#8221;off&#8221; custom_margin=&#8221;|||&#8221; custom_padding=&#8221;0vw||3.5vw|||&#8221; custom_padding_tablet=&#8221;50px||50px|&#8221; custom_padding_phone=&#8221;&#8221; custom_css_before=&#8221; content: %22%22;|| display: block;|| position: absolute;|| top: 0;|| left: 0;|| width: 100%;|| height: 100%;|| background-color: #081C59!important;|| opacity: 0.9;&#8221; global_colors_info=&#8221;{}&#8221;][et_pb_row use_custom_gutter=&#8221;on&#8221; gutter_width=&#8221;1&#8243; make_equal=&#8221;on&#8221; custom_padding_last_edited=&#8221;on|desktop&#8221; admin_label=&#8221;Mozart &#8211; Home&#8221; _builder_version=&#8221;4.15&#8243; background_image=&#8221;https:\/\/www.puertosdetenerife.org\/wp-content\/uploads\/2019\/09\/Puertos-de-Tenerife-logo-2.png&#8221; width=&#8221;25%&#8221; custom_margin=&#8221;||||false|false&#8221; custom_padding=&#8221;200px|0px|2.5vw|0px||&#8221; custom_padding_tablet=&#8221;128px|0px||0px|false|false&#8221; custom_padding_phone=&#8221;70px||||false|false&#8221; global_colors_info=&#8221;{}&#8221;][et_pb_column type=&#8221;4_4&#8243; _builder_version=&#8221;4.15&#8243; custom_padding=&#8221;|||&#8221; global_colors_info=&#8221;{}&#8221; custom_padding__hover=&#8221;|||&#8221;][\/et_pb_column][\/et_pb_row][et_pb_row _builder_version=&#8221;4.15&#8243; custom_padding=&#8221;10px|10px|10px|10px|false|false&#8221; global_colors_info=&#8221;{}&#8221;][et_pb_column type=&#8221;4_4&#8243; _builder_version=&#8221;4.15&#8243; global_colors_info=&#8221;{}&#8221;][et_pb_text module_class=&#8221;header-title-1&#8243; _builder_version=&#8221;4.15&#8243; text_font=&#8221;|700|||||||&#8221; text_text_color=&#8221;#ffffff&#8221; text_font_size=&#8221;60px&#8221; header_text_color=&#8221;#ffffff&#8221; global_colors_info=&#8221;{}&#8221;]<\/p>\n<h1 style=\"text-align: center;\">Navigation and Port Board<\/h1>\n<p>[\/et_pb_text][\/et_pb_column][\/et_pb_row][\/et_pb_section][et_pb_section fb_built=&#8221;1&#8243; specialty=&#8221;on&#8221; _builder_version=&#8221;4.15&#8243; global_colors_info=&#8221;{}&#8221;][et_pb_column type=&#8221;1_4&#8243; _builder_version=&#8221;4.15&#8243; custom_padding=&#8221;|||&#8221; global_colors_info=&#8221;{}&#8221; custom_padding__hover=&#8221;|||&#8221;][et_pb_sidebar area=&#8221;et_pb_widget_area_9&#8243; _builder_version=&#8221;4.15&#8243; header_font=&#8221;|700|||||||&#8221; header_text_color=&#8221;#081C59&#8243; saved_tabs=&#8221;all&#8221; global_colors_info=&#8221;{}&#8221;][\/et_pb_sidebar][\/et_pb_column][et_pb_column type=&#8221;3_4&#8243; specialty_columns=&#8221;3&#8243; _builder_version=&#8221;4.15&#8243; custom_padding=&#8221;|||&#8221; global_colors_info=&#8221;{}&#8221; custom_padding__hover=&#8221;|||&#8221;][et_pb_row_inner column_structure=&#8221;1_3,1_3,1_3&#8243; _builder_version=&#8221;4.15&#8243; global_colors_info=&#8221;{}&#8221;][et_pb_column_inner type=&#8221;1_3&#8243; saved_specialty_column_type=&#8221;3_4&#8243; _builder_version=&#8221;4.15&#8243; global_colors_info=&#8221;{}&#8221;][et_pb_text _builder_version=&#8221;4.15&#8243; text_font=&#8221;|600|||||||&#8221; text_text_color=&#8221;#081C59&#8243; text_font_size=&#8221;25px&#8221; global_colors_info=&#8221;{}&#8221;]<\/p>\n<p>Mr Carlos E. Gonz\u00e1lez<\/p>\n<p>[\/et_pb_text][et_pb_text admin_label=&#8221;Title&#8221; _builder_version=&#8221;4.15&#8243; text_font=&#8221;||||||||&#8221; header_font=&#8221;||||||||&#8221; header_2_font=&#8221;||||||||&#8221; header_3_font=&#8221;Lato|700|||||||&#8221; header_3_font_size=&#8221;18px&#8221; header_3_line_height=&#8221;1.5em&#8221; header_4_font=&#8221;Lato||||||||&#8221; header_4_font_size=&#8221;16px&#8221; header_4_line_height=&#8221;1.5em&#8221; custom_margin=&#8221;||15px|&#8221; animation_style=&#8221;flip&#8221; animation_intensity_flip=&#8221;20%&#8221; animation_starting_opacity=&#8221;100%&#8221; global_colors_info=&#8221;{}&#8221;]President.<br \/>\nPresident of the Port Authority of Santa Cruz de Tenerife.[\/et_pb_text][\/et_pb_column_inner][et_pb_column_inner type=&#8221;1_3&#8243; saved_specialty_column_type=&#8221;3_4&#8243; _builder_version=&#8221;4.15&#8243; global_colors_info=&#8221;{}&#8221;][et_pb_text _builder_version=&#8221;4.15&#8243; text_font=&#8221;|600|||||||&#8221; text_text_color=&#8221;#081C59&#8243; text_font_size=&#8221;25px&#8221; global_colors_info=&#8221;{}&#8221;]<\/p>\n<p>Mrs Rosario Arteaga Rodr\u00edguez<\/p>\n<p>[\/et_pb_text][et_pb_text admin_label=&#8221;Title&#8221; _builder_version=&#8221;4.15&#8243; text_font=&#8221;||||||||&#8221; header_font=&#8221;||||||||&#8221; header_2_font=&#8221;||||||||&#8221; header_3_font=&#8221;Lato|700|||||||&#8221; header_3_font_size=&#8221;18px&#8221; header_3_line_height=&#8221;1.5em&#8221; header_4_font=&#8221;Lato||||||||&#8221; header_4_font_size=&#8221;16px&#8221; header_4_line_height=&#8221;1.5em&#8221; custom_margin=&#8221;||15px|&#8221; animation_style=&#8221;flip&#8221; animation_intensity_flip=&#8221;20%&#8221; animation_starting_opacity=&#8221;100%&#8221; locked=&#8221;off&#8221; global_colors_info=&#8221;{}&#8221;]Secretary.<br \/>\nGeneral Secretariat of the Port Authority of Santa Cruz de Tenerife.[\/et_pb_text][\/et_pb_column_inner][et_pb_column_inner type=&#8221;1_3&#8243; saved_specialty_column_type=&#8221;3_4&#8243; _builder_version=&#8221;4.15&#8243; global_colors_info=&#8221;{}&#8221;][et_pb_text _builder_version=&#8221;4.15.1&#8243; text_font=&#8221;|600|||||||&#8221; text_text_color=&#8221;#081C59&#8243; text_font_size=&#8221;25px&#8221; hover_enabled=&#8221;0&#8243; global_colors_info=&#8221;{}&#8221; sticky_enabled=&#8221;0&#8243;]<\/p>\n<p>D. Javier I. Mora Quintero<\/p>\n<p>[\/et_pb_text][et_pb_text admin_label=&#8221;Title&#8221; _builder_version=&#8221;4.15&#8243; text_font=&#8221;||||||||&#8221; header_font=&#8221;||||||||&#8221; header_2_font=&#8221;||||||||&#8221; header_3_font=&#8221;Lato|700|||||||&#8221; header_3_font_size=&#8221;18px&#8221; header_3_line_height=&#8221;1.5em&#8221; header_4_font=&#8221;Lato||||||||&#8221; header_4_font_size=&#8221;16px&#8221; header_4_line_height=&#8221;1.5em&#8221; custom_margin=&#8221;||15px|&#8221; animation_style=&#8221;flip&#8221; animation_intensity_flip=&#8221;20%&#8221; animation_starting_opacity=&#8221;100%&#8221; global_colors_info=&#8221;{}&#8221;]Director of the Port Authority of Santa Cruz de Tenerife.[\/et_pb_text][\/et_pb_column_inner][\/et_pb_row_inner][et_pb_row_inner column_structure=&#8221;1_3,1_3,1_3&#8243; _builder_version=&#8221;4.15&#8243; global_colors_info=&#8221;{}&#8221;][et_pb_column_inner type=&#8221;1_3&#8243; saved_specialty_column_type=&#8221;3_4&#8243; _builder_version=&#8221;4.15&#8243; global_colors_info=&#8221;{}&#8221;][et_pb_text _builder_version=&#8221;4.15&#8243; text_font=&#8221;|600|||||||&#8221; text_text_color=&#8221;#081C59&#8243; text_font_size=&#8221;25px&#8221; global_colors_info=&#8221;{}&#8221;]<\/p>\n<p>Mr Marcos Hern\u00e1ndez Acosta<\/p>\n<p>[\/et_pb_text][et_pb_text admin_label=&#8221;Title&#8221; _builder_version=&#8221;4.15&#8243; text_font=&#8221;||||||||&#8221; header_font=&#8221;||||||||&#8221; header_2_font=&#8221;||||||||&#8221; header_3_font=&#8221;Lato|700|||||||&#8221; header_3_font_size=&#8221;18px&#8221; header_3_line_height=&#8221;1.5em&#8221; header_4_font=&#8221;Lato||||||||&#8221; header_4_font_size=&#8221;16px&#8221; header_4_line_height=&#8221;1.5em&#8221; custom_margin=&#8221;||15px|&#8221; animation_style=&#8221;flip&#8221; animation_intensity_flip=&#8221;20%&#8221; animation_starting_opacity=&#8221;100%&#8221; locked=&#8221;off&#8221; global_colors_info=&#8221;{}&#8221;]Head of the Operational Development Department of the Port Authority.[\/et_pb_text][\/et_pb_column_inner][et_pb_column_inner type=&#8221;1_3&#8243; saved_specialty_column_type=&#8221;3_4&#8243; _builder_version=&#8221;4.15&#8243; global_colors_info=&#8221;{}&#8221;][et_pb_text _builder_version=&#8221;4.15&#8243; text_font=&#8221;|600|||||||&#8221; text_text_color=&#8221;#081C59&#8243; text_font_size=&#8221;25px&#8221; global_colors_info=&#8221;{}&#8221;]<\/p>\n<p>Mr Salvador M\u00e9ndez Mart\u00edn<\/p>\n<p>[\/et_pb_text][et_pb_text admin_label=&#8221;Title&#8221; _builder_version=&#8221;4.15&#8243; text_font=&#8221;||||||||&#8221; header_font=&#8221;||||||||&#8221; header_2_font=&#8221;||||||||&#8221; header_3_font=&#8221;Lato|700|||||||&#8221; header_3_font_size=&#8221;18px&#8221; header_3_line_height=&#8221;1.5em&#8221; header_4_font=&#8221;Lato||||||||&#8221; header_4_font_size=&#8221;16px&#8221; header_4_line_height=&#8221;1.5em&#8221; custom_margin=&#8221;||15px|&#8221; animation_style=&#8221;flip&#8221; animation_intensity_flip=&#8221;20%&#8221; animation_starting_opacity=&#8221;100%&#8221; locked=&#8221;off&#8221; global_colors_info=&#8221;{}&#8221;]Port Area Manager of the Port of San Sebasti\u00e1n de La Gomera.[\/et_pb_text][\/et_pb_column_inner][et_pb_column_inner type=&#8221;1_3&#8243; saved_specialty_column_type=&#8221;3_4&#8243; _builder_version=&#8221;4.15&#8243; global_colors_info=&#8221;{}&#8221;][et_pb_text _builder_version=&#8221;4.15&#8243; text_font=&#8221;|600|||||||&#8221; text_text_color=&#8221;#081C59&#8243; text_font_size=&#8221;25px&#8221; global_colors_info=&#8221;{}&#8221;]<\/p>\n<p>Mr Carlos Concepci\u00f3n Hern\u00e1ndez<\/p>\n<p>[\/et_pb_text][et_pb_text admin_label=&#8221;Title&#8221; _builder_version=&#8221;4.15&#8243; text_font=&#8221;||||||||&#8221; header_font=&#8221;||||||||&#8221; header_2_font=&#8221;||||||||&#8221; header_3_font=&#8221;Lato|700|||||||&#8221; header_3_font_size=&#8221;18px&#8221; header_3_line_height=&#8221;1.5em&#8221; header_4_font=&#8221;Lato||||||||&#8221; header_4_font_size=&#8221;16px&#8221; header_4_line_height=&#8221;1.5em&#8221; custom_margin=&#8221;||15px|&#8221; animation_style=&#8221;flip&#8221; animation_intensity_flip=&#8221;20%&#8221; animation_starting_opacity=&#8221;100%&#8221; global_colors_info=&#8221;{}&#8221;]Port Area Manager of the Port of Santa Cruz de La Palma.[\/et_pb_text][\/et_pb_column_inner][\/et_pb_row_inner][et_pb_row_inner column_structure=&#8221;1_3,1_3,1_3&#8243; _builder_version=&#8221;4.15&#8243; global_colors_info=&#8221;{}&#8221;][et_pb_column_inner type=&#8221;1_3&#8243; saved_specialty_column_type=&#8221;3_4&#8243; _builder_version=&#8221;4.15&#8243; global_colors_info=&#8221;{}&#8221;][et_pb_text _builder_version=&#8221;4.15&#8243; text_font=&#8221;|600|||||||&#8221; text_text_color=&#8221;#081C59&#8243; text_font_size=&#8221;25px&#8221; global_colors_info=&#8221;{}&#8221;]<\/p>\n<p>Mr Sebasti\u00e1n Calani Hotopf<\/p>\n<p>[\/et_pb_text][et_pb_text admin_label=&#8221;Title&#8221; _builder_version=&#8221;4.15&#8243; text_font=&#8221;||||||||&#8221; header_font=&#8221;||||||||&#8221; header_2_font=&#8221;||||||||&#8221; header_3_font=&#8221;Lato|700|||||||&#8221; header_3_font_size=&#8221;18px&#8221; header_3_line_height=&#8221;1.5em&#8221; header_4_font=&#8221;Lato||||||||&#8221; header_4_font_size=&#8221;16px&#8221; header_4_line_height=&#8221;1.5em&#8221; custom_margin=&#8221;||15px|&#8221; animation_style=&#8221;flip&#8221; animation_intensity_flip=&#8221;20%&#8221; animation_starting_opacity=&#8221;100%&#8221; locked=&#8221;off&#8221; global_colors_info=&#8221;{}&#8221;]Port Area Manager of Santa Cruz and Granadilla.[\/et_pb_text][\/et_pb_column_inner][et_pb_column_inner type=&#8221;1_3&#8243; saved_specialty_column_type=&#8221;3_4&#8243; _builder_version=&#8221;4.15&#8243; global_colors_info=&#8221;{}&#8221;][et_pb_text _builder_version=&#8221;4.15&#8243; text_font=&#8221;|600|||||||&#8221; text_text_color=&#8221;#081C59&#8243; text_font_size=&#8221;25px&#8221; global_colors_info=&#8221;{}&#8221;]<\/p>\n<p>Mr Jorge Luis Morera Padr\u00f3n<\/p>\n<p>[\/et_pb_text][et_pb_text admin_label=&#8221;Title&#8221; _builder_version=&#8221;4.15&#8243; text_font=&#8221;||||||||&#8221; header_font=&#8221;||||||||&#8221; header_2_font=&#8221;||||||||&#8221; header_3_font=&#8221;Lato|700|||||||&#8221; header_3_font_size=&#8221;18px&#8221; header_3_line_height=&#8221;1.5em&#8221; header_4_font=&#8221;Lato||||||||&#8221; header_4_font_size=&#8221;16px&#8221; header_4_line_height=&#8221;1.5em&#8221; custom_margin=&#8221;||15px|&#8221; animation_style=&#8221;flip&#8221; animation_intensity_flip=&#8221;20%&#8221; animation_starting_opacity=&#8221;100%&#8221; locked=&#8221;off&#8221; global_colors_info=&#8221;{}&#8221;]Workers\u2019 Committee President of the Port Authority.[\/et_pb_text][\/et_pb_column_inner][et_pb_column_inner type=&#8221;1_3&#8243; saved_specialty_column_type=&#8221;3_4&#8243; _builder_version=&#8221;4.15&#8243; global_colors_info=&#8221;{}&#8221;][et_pb_text _builder_version=&#8221;4.15&#8243; text_font=&#8221;|600|||||||&#8221; text_text_color=&#8221;#081C59&#8243; text_font_size=&#8221;25px&#8221; global_colors_info=&#8221;{}&#8221;]<\/p>\n<p>Mr Jes\u00fan Ciordia Montes<\/p>\n<p>[\/et_pb_text][et_pb_text admin_label=&#8221;Title&#8221; _builder_version=&#8221;4.15&#8243; text_font=&#8221;||||||||&#8221; header_font=&#8221;||||||||&#8221; header_2_font=&#8221;||||||||&#8221; header_3_font=&#8221;Lato|700|||||||&#8221; header_3_font_size=&#8221;18px&#8221; header_3_line_height=&#8221;1.5em&#8221; header_4_font=&#8221;Lato||||||||&#8221; header_4_font_size=&#8221;16px&#8221; header_4_line_height=&#8221;1.5em&#8221; custom_margin=&#8221;||15px|&#8221; animation_style=&#8221;flip&#8221; animation_intensity_flip=&#8221;20%&#8221; animation_starting_opacity=&#8221;100%&#8221; locked=&#8221;off&#8221; global_colors_info=&#8221;{}&#8221;]Managing Director of SESTIFE-SAGEP.[\/et_pb_text][\/et_pb_column_inner][\/et_pb_row_inner][et_pb_row_inner column_structure=&#8221;1_3,1_3,1_3&#8243; _builder_version=&#8221;4.15&#8243; global_colors_info=&#8221;{}&#8221;][et_pb_column_inner type=&#8221;1_3&#8243; saved_specialty_column_type=&#8221;3_4&#8243; _builder_version=&#8221;4.15&#8243; global_colors_info=&#8221;{}&#8221;][et_pb_text _builder_version=&#8221;4.15&#8243; text_font=&#8221;|600|||||||&#8221; text_text_color=&#8221;#081C59&#8243; text_font_size=&#8221;25px&#8221; global_colors_info=&#8221;{}&#8221;]<\/p>\n<p>Mr Jos\u00e9 Antonio Conde Gonz\u00e1lez<\/p>\n<p>[\/et_pb_text][et_pb_text admin_label=&#8221;Title&#8221; _builder_version=&#8221;4.15&#8243; text_font=&#8221;||||||||&#8221; header_font=&#8221;||||||||&#8221; header_2_font=&#8221;||||||||&#8221; header_3_font=&#8221;Lato|700|||||||&#8221; header_3_font_size=&#8221;18px&#8221; header_3_line_height=&#8221;1.5em&#8221; header_4_font=&#8221;Lato||||||||&#8221; header_4_font_size=&#8221;16px&#8221; header_4_line_height=&#8221;1.5em&#8221; custom_margin=&#8221;||15px|&#8221; animation_style=&#8221;flip&#8221; animation_intensity_flip=&#8221;20%&#8221; animation_starting_opacity=&#8221;100%&#8221; locked=&#8221;off&#8221; global_colors_info=&#8221;{}&#8221;]Harbour Master of Santa Cruz de Tenerife.[\/et_pb_text][\/et_pb_column_inner][et_pb_column_inner type=&#8221;1_3&#8243; saved_specialty_column_type=&#8221;3_4&#8243; _builder_version=&#8221;4.15&#8243; global_colors_info=&#8221;{}&#8221;][et_pb_text _builder_version=&#8221;4.15&#8243; text_font=&#8221;|600|||||||&#8221; text_text_color=&#8221;#081C59&#8243; text_font_size=&#8221;25px&#8221; global_colors_info=&#8221;{}&#8221;]<\/p>\n<p>Mrs Mar\u00eda Dolores Septi\u00e9m Terreros<\/p>\n<p>[\/et_pb_text][et_pb_text admin_label=&#8221;Title&#8221; _builder_version=&#8221;4.15&#8243; text_font=&#8221;||||||||&#8221; header_font=&#8221;||||||||&#8221; header_2_font=&#8221;||||||||&#8221; header_3_font=&#8221;Lato|700|||||||&#8221; header_3_font_size=&#8221;18px&#8221; header_3_line_height=&#8221;1.5em&#8221; header_4_font=&#8221;Lato||||||||&#8221; header_4_font_size=&#8221;16px&#8221; header_4_line_height=&#8221;1.5em&#8221; custom_margin=&#8221;||15px|&#8221; animation_style=&#8221;flip&#8221; animation_intensity_flip=&#8221;20%&#8221; animation_starting_opacity=&#8221;100%&#8221; locked=&#8221;off&#8221; global_colors_info=&#8221;{}&#8221;]Head of the Coordination and Rescue Centre.[\/et_pb_text][\/et_pb_column_inner][et_pb_column_inner type=&#8221;1_3&#8243; saved_specialty_column_type=&#8221;3_4&#8243; _builder_version=&#8221;4.15&#8243; global_colors_info=&#8221;{}&#8221;][et_pb_text _builder_version=&#8221;4.15&#8243; text_font=&#8221;|600|||||||&#8221; text_text_color=&#8221;#081C59&#8243; text_font_size=&#8221;25px&#8221; global_colors_info=&#8221;{}&#8221;]<\/p>\n<p>Mr Jos\u00e9 Mar\u00eda P\u00e9rez Tav\u00edo<\/p>\n<p>[\/et_pb_text][et_pb_text admin_label=&#8221;Title&#8221; _builder_version=&#8221;4.15&#8243; text_font=&#8221;||||||||&#8221; header_font=&#8221;||||||||&#8221; header_2_font=&#8221;||||||||&#8221; header_3_font=&#8221;Lato|700|||||||&#8221; header_3_font_size=&#8221;18px&#8221; header_3_line_height=&#8221;1.5em&#8221; header_4_font=&#8221;Lato||||||||&#8221; header_4_font_size=&#8221;16px&#8221; header_4_line_height=&#8221;1.5em&#8221; custom_margin=&#8221;||15px|&#8221; animation_style=&#8221;flip&#8221; animation_intensity_flip=&#8221;20%&#8221; animation_starting_opacity=&#8221;100%&#8221; locked=&#8221;off&#8221; global_colors_info=&#8221;{}&#8221;]Representative of the Maritime Transport Users Council.[\/et_pb_text][\/et_pb_column_inner][\/et_pb_row_inner][et_pb_row_inner column_structure=&#8221;1_3,1_3,1_3&#8243; _builder_version=&#8221;4.15&#8243; global_colors_info=&#8221;{}&#8221;][et_pb_column_inner type=&#8221;1_3&#8243; saved_specialty_column_type=&#8221;3_4&#8243; _builder_version=&#8221;4.15&#8243; global_colors_info=&#8221;{}&#8221;][et_pb_text _builder_version=&#8221;4.15&#8243; text_font=&#8221;|600|||||||&#8221; text_text_color=&#8221;#081C59&#8243; text_font_size=&#8221;25px&#8221; global_colors_info=&#8221;{}&#8221;]Mr. Luis F. Falc\u00f3n Delgado[\/et_pb_text][et_pb_text admin_label=&#8221;Title&#8221; _builder_version=&#8221;4.15&#8243; text_font=&#8221;||||||||&#8221; header_font=&#8221;||||||||&#8221; header_2_font=&#8221;||||||||&#8221; header_3_font=&#8221;Lato|700|||||||&#8221; header_3_font_size=&#8221;18px&#8221; header_3_line_height=&#8221;1.5em&#8221; header_4_font=&#8221;Lato||||||||&#8221; header_4_font_size=&#8221;16px&#8221; header_4_line_height=&#8221;1.5em&#8221; custom_margin=&#8221;||15px|&#8221; animation_style=&#8221;flip&#8221; animation_intensity_flip=&#8221;20%&#8221; animation_starting_opacity=&#8221;100%&#8221; locked=&#8221;off&#8221; global_colors_info=&#8221;{}&#8221;]Representative of the Provincial Association of Shipping Agents.[\/et_pb_text][\/et_pb_column_inner][et_pb_column_inner type=&#8221;1_3&#8243; saved_specialty_column_type=&#8221;3_4&#8243; _builder_version=&#8221;4.15&#8243; global_colors_info=&#8221;{}&#8221;][et_pb_text _builder_version=&#8221;4.15&#8243; text_font=&#8221;|600|||||||&#8221; text_text_color=&#8221;#081C59&#8243; text_font_size=&#8221;25px&#8221; global_colors_info=&#8221;{}&#8221;]<\/p>\n<p>Mr Javier Gonz\u00e1lez Gonz\u00e1lez<\/p>\n<p>[\/et_pb_text][et_pb_text admin_label=&#8221;Title&#8221; _builder_version=&#8221;4.15&#8243; text_font=&#8221;||||||||&#8221; header_font=&#8221;||||||||&#8221; header_2_font=&#8221;||||||||&#8221; header_3_font=&#8221;Lato|700|||||||&#8221; header_3_font_size=&#8221;18px&#8221; header_3_line_height=&#8221;1.5em&#8221; header_4_font=&#8221;Lato||||||||&#8221; header_4_font_size=&#8221;16px&#8221; header_4_line_height=&#8221;1.5em&#8221; custom_margin=&#8221;||15px|&#8221; animation_style=&#8221;flip&#8221; animation_intensity_flip=&#8221;20%&#8221; animation_starting_opacity=&#8221;100%&#8221; locked=&#8221;off&#8221; global_colors_info=&#8221;{}&#8221;]Representative of the Stevedoring Companies Association. [\/et_pb_text][\/et_pb_column_inner][et_pb_column_inner type=&#8221;1_3&#8243; saved_specialty_column_type=&#8221;3_4&#8243; _builder_version=&#8221;4.15&#8243; global_colors_info=&#8221;{}&#8221;][et_pb_text _builder_version=&#8221;4.15&#8243; text_font=&#8221;|600|||||||&#8221; text_text_color=&#8221;#081C59&#8243; text_font_size=&#8221;25px&#8221; global_colors_info=&#8221;{}&#8221;]<\/p>\n<p>Mr Rafael D\u00edaz D\u00edaz<\/p>\n<p>[\/et_pb_text][et_pb_text admin_label=&#8221;Title&#8221; _builder_version=&#8221;4.15&#8243; text_font=&#8221;||||||||&#8221; header_font=&#8221;||||||||&#8221; header_2_font=&#8221;||||||||&#8221; header_3_font=&#8221;Lato|700|||||||&#8221; header_3_font_size=&#8221;18px&#8221; header_3_line_height=&#8221;1.5em&#8221; header_4_font=&#8221;Lato||||||||&#8221; header_4_font_size=&#8221;16px&#8221; header_4_line_height=&#8221;1.5em&#8221; custom_margin=&#8221;||15px|&#8221; animation_style=&#8221;flip&#8221; animation_intensity_flip=&#8221;20%&#8221; animation_starting_opacity=&#8221;100%&#8221; locked=&#8221;off&#8221; global_colors_info=&#8221;{}&#8221;]Representative of the Pilots\u2019 Association.<br \/>\n<strong>Deputy<\/strong>: Mr. Enrique Lorenzo Padilla.<br \/>\n[\/et_pb_text][\/et_pb_column_inner][\/et_pb_row_inner][et_pb_row_inner column_structure=&#8221;1_3,1_3,1_3&#8243; _builder_version=&#8221;4.15&#8243; global_colors_info=&#8221;{}&#8221;][et_pb_column_inner type=&#8221;1_3&#8243; saved_specialty_column_type=&#8221;3_4&#8243; _builder_version=&#8221;4.15&#8243; global_colors_info=&#8221;{}&#8221;][et_pb_text _builder_version=&#8221;4.15&#8243; text_font=&#8221;|600|||||||&#8221; text_text_color=&#8221;#081C59&#8243; text_font_size=&#8221;25px&#8221; global_colors_info=&#8221;{}&#8221;]<\/p>\n<p>Mr Jos\u00e9 Luis Gonz\u00e1lez Ant\u00f3n<\/p>\n<p>[\/et_pb_text][et_pb_text admin_label=&#8221;Title&#8221; _builder_version=&#8221;4.15&#8243; text_font=&#8221;||||||||&#8221; header_font=&#8221;||||||||&#8221; header_2_font=&#8221;||||||||&#8221; header_3_font=&#8221;Lato|700|||||||&#8221; header_3_font_size=&#8221;18px&#8221; header_3_line_height=&#8221;1.5em&#8221; header_4_font=&#8221;Lato||||||||&#8221; header_4_font_size=&#8221;16px&#8221; header_4_line_height=&#8221;1.5em&#8221; custom_margin=&#8221;||15px|&#8221; animation_style=&#8221;flip&#8221; animation_intensity_flip=&#8221;20%&#8221; animation_starting_opacity=&#8221;100%&#8221; locked=&#8221;off&#8221; global_colors_info=&#8221;{}&#8221;]Representative of the company Remolcadores y Barcazas de Tenerife, S.A., towage service provider.<br \/>\n<strong>Deputy<\/strong>: Mr. Rub\u00e9n Mart\u00edn P\u00e9rez Armas<br \/>\n[\/et_pb_text][\/et_pb_column_inner][et_pb_column_inner type=&#8221;1_3&#8243; saved_specialty_column_type=&#8221;3_4&#8243; _builder_version=&#8221;4.15&#8243; global_colors_info=&#8221;{}&#8221;][et_pb_text _builder_version=&#8221;4.15&#8243; text_font=&#8221;|600|||||||&#8221; text_text_color=&#8221;#081C59&#8243; text_font_size=&#8221;25px&#8221; custom_margin=&#8221;||-2px|||&#8221; custom_padding=&#8221;||0px|||&#8221; global_colors_info=&#8221;{}&#8221;]<\/p>\n<p><b>Mr Rosendo Domingo Rivero Cubeles<\/b><\/p>\n<p>&nbsp;<\/p>\n<p>[\/et_pb_text][et_pb_text admin_label=&#8221;Title&#8221; _builder_version=&#8221;4.15&#8243; text_font=&#8221;||||||||&#8221; header_font=&#8221;||||||||&#8221; header_2_font=&#8221;||||||||&#8221; header_3_font=&#8221;Lato|700|||||||&#8221; header_3_font_size=&#8221;18px&#8221; header_3_line_height=&#8221;1.5em&#8221; header_4_font=&#8221;Lato||||||||&#8221; header_4_font_size=&#8221;16px&#8221; header_4_line_height=&#8221;1.5em&#8221; custom_margin=&#8221;||15px|&#8221; animation_style=&#8221;flip&#8221; animation_intensity_flip=&#8221;20%&#8221; animation_starting_opacity=&#8221;100%&#8221; locked=&#8221;off&#8221; global_colors_info=&#8221;{}&#8221;]<span style=\"font-weight: 400;\">Representative of Oil Companies.<\/span><\/p>\n<p>&nbsp;<br \/>\n[\/et_pb_text][\/et_pb_column_inner][et_pb_column_inner type=&#8221;1_3&#8243; saved_specialty_column_type=&#8221;3_4&#8243; _builder_version=&#8221;4.15&#8243; global_colors_info=&#8221;{}&#8221;][et_pb_text _builder_version=&#8221;4.15&#8243; text_font=&#8221;|600|||||||&#8221; text_text_color=&#8221;#081C59&#8243; text_font_size=&#8221;25px&#8221; global_colors_info=&#8221;{}&#8221;]<\/p>\n<p>Mr Andr\u00e9s Moreno D\u00edaz<\/p>\n<p>[\/et_pb_text][et_pb_text admin_label=&#8221;Title&#8221; _builder_version=&#8221;4.15&#8243; text_font=&#8221;||||||||&#8221; header_font=&#8221;||||||||&#8221; header_2_font=&#8221;||||||||&#8221; header_3_font=&#8221;Lato|700|||||||&#8221; header_3_font_size=&#8221;18px&#8221; header_3_line_height=&#8221;1.5em&#8221; header_4_font=&#8221;Lato||||||||&#8221; header_4_font_size=&#8221;16px&#8221; header_4_line_height=&#8221;1.5em&#8221; custom_margin=&#8221;||15px|&#8221; animation_style=&#8221;flip&#8221; animation_intensity_flip=&#8221;20%&#8221; animation_starting_opacity=&#8221;100%&#8221; locked=&#8221;off&#8221; global_colors_info=&#8221;{}&#8221;]Representative of Solid Bulk Companies.[\/et_pb_text][\/et_pb_column_inner][\/et_pb_row_inner][et_pb_row_inner column_structure=&#8221;1_3,1_3,1_3&#8243; _builder_version=&#8221;4.15&#8243; global_colors_info=&#8221;{}&#8221;][et_pb_column_inner type=&#8221;1_3&#8243; saved_specialty_column_type=&#8221;3_4&#8243; _builder_version=&#8221;4.15&#8243; global_colors_info=&#8221;{}&#8221;][et_pb_text _builder_version=&#8221;4.15&#8243; text_font=&#8221;|600|||||||&#8221; text_text_color=&#8221;#081C59&#8243; text_font_size=&#8221;25px&#8221; global_colors_info=&#8221;{}&#8221;]<\/p>\n<p>Mr V\u00edctor Manuel Vera Ramos<\/p>\n<p>[\/et_pb_text][et_pb_text admin_label=&#8221;Title&#8221; _builder_version=&#8221;4.15&#8243; text_font=&#8221;||||||||&#8221; header_font=&#8221;||||||||&#8221; header_2_font=&#8221;||||||||&#8221; header_3_font=&#8221;Lato|700|||||||&#8221; header_3_font_size=&#8221;18px&#8221; header_3_line_height=&#8221;1.5em&#8221; header_4_font=&#8221;Lato||||||||&#8221; header_4_font_size=&#8221;16px&#8221; header_4_line_height=&#8221;1.5em&#8221; custom_margin=&#8221;||15px|&#8221; animation_style=&#8221;flip&#8221; animation_intensity_flip=&#8221;20%&#8221; animation_starting_opacity=&#8221;100%&#8221; locked=&#8221;off&#8221; global_colors_info=&#8221;{}&#8221;]Representative of the Port Stevedores Union.[\/et_pb_text][\/et_pb_column_inner][et_pb_column_inner type=&#8221;1_3&#8243; saved_specialty_column_type=&#8221;3_4&#8243; _builder_version=&#8221;4.15&#8243; global_colors_info=&#8221;{}&#8221;][et_pb_text _builder_version=&#8221;4.15&#8243; text_font=&#8221;|600|||||||&#8221; text_text_color=&#8221;#081C59&#8243; text_font_size=&#8221;25px&#8221; global_colors_info=&#8221;{}&#8221;]<\/p>\n<p>Mr Pedro Gonz\u00e1lez Herrero<\/p>\n<p>[\/et_pb_text][et_pb_text admin_label=&#8221;Title&#8221; _builder_version=&#8221;4.15&#8243; text_font=&#8221;||||||||&#8221; header_font=&#8221;||||||||&#8221; header_2_font=&#8221;||||||||&#8221; header_3_font=&#8221;Lato|700|||||||&#8221; header_3_font_size=&#8221;18px&#8221; header_3_line_height=&#8221;1.5em&#8221; header_4_font=&#8221;Lato||||||||&#8221; header_4_font_size=&#8221;16px&#8221; header_4_line_height=&#8221;1.5em&#8221; custom_margin=&#8221;||15px|&#8221; animation_style=&#8221;flip&#8221; animation_intensity_flip=&#8221;20%&#8221; animation_starting_opacity=&#8221;100%&#8221; locked=&#8221;off&#8221; global_colors_info=&#8221;{}&#8221;]Representative of TRANSTECO.[\/et_pb_text][\/et_pb_column_inner][et_pb_column_inner type=&#8221;1_3&#8243; saved_specialty_column_type=&#8221;3_4&#8243; _builder_version=&#8221;4.15&#8243; global_colors_info=&#8221;{}&#8221;][et_pb_text _builder_version=&#8221;4.15&#8243; text_font=&#8221;|600|||||||&#8221; text_text_color=&#8221;#081C59&#8243; text_font_size=&#8221;25px&#8221; global_colors_info=&#8221;{}&#8221;]<\/p>\n<p>Mr Jos\u00e9 Marrero Marrero<\/p>\n<p>[\/et_pb_text][et_pb_text admin_label=&#8221;Title&#8221; _builder_version=&#8221;4.15&#8243; text_font=&#8221;||||||||&#8221; header_font=&#8221;||||||||&#8221; header_2_font=&#8221;||||||||&#8221; header_3_font=&#8221;Lato|700|||||||&#8221; header_3_font_size=&#8221;18px&#8221; header_3_line_height=&#8221;1.5em&#8221; header_4_font=&#8221;Lato||||||||&#8221; header_4_font_size=&#8221;16px&#8221; header_4_line_height=&#8221;1.5em&#8221; custom_margin=&#8221;||15px|&#8221; animation_style=&#8221;flip&#8221; animation_intensity_flip=&#8221;20%&#8221; animation_starting_opacity=&#8221;100%&#8221; locked=&#8221;off&#8221; global_colors_info=&#8221;{}&#8221;]Representative of the company Distribuidora Mar\u00edtima Petrogas, S.L.[\/et_pb_text][\/et_pb_column_inner][\/et_pb_row_inner][et_pb_row_inner column_structure=&#8221;1_3,1_3,1_3&#8243; _builder_version=&#8221;4.15&#8243; global_colors_info=&#8221;{}&#8221;][et_pb_column_inner type=&#8221;1_3&#8243; saved_specialty_column_type=&#8221;3_4&#8243; _builder_version=&#8221;4.15&#8243; global_colors_info=&#8221;{}&#8221;][et_pb_text _builder_version=&#8221;4.15&#8243; text_font=&#8221;|600|||||||&#8221; text_text_color=&#8221;#081C59&#8243; text_font_size=&#8221;25px&#8221; global_colors_info=&#8221;{}&#8221;]<\/p>\n<p>Mr Dar\u00edo Hern\u00e1ndez Luis<\/p>\n<p>[\/et_pb_text][et_pb_text admin_label=&#8221;Title&#8221; _builder_version=&#8221;4.15&#8243; text_font=&#8221;||||||||&#8221; header_font=&#8221;||||||||&#8221; header_2_font=&#8221;||||||||&#8221; header_3_font=&#8221;Lato|700|||||||&#8221; header_3_font_size=&#8221;18px&#8221; header_3_line_height=&#8221;1.5em&#8221; header_4_font=&#8221;Lato||||||||&#8221; header_4_font_size=&#8221;16px&#8221; header_4_line_height=&#8221;1.5em&#8221; custom_margin=&#8221;||15px|&#8221; animation_style=&#8221;flip&#8221; animation_intensity_flip=&#8221;20%&#8221; animation_starting_opacity=&#8221;100%&#8221; locked=&#8221;off&#8221; global_colors_info=&#8221;{}&#8221;]Representative of the A.T.E.I.A.-Tenerife.[\/et_pb_text][\/et_pb_column_inner][et_pb_column_inner type=&#8221;1_3&#8243; saved_specialty_column_type=&#8221;3_4&#8243; _builder_version=&#8221;4.15&#8243; global_colors_info=&#8221;{}&#8221;][et_pb_text _builder_version=&#8221;4.15&#8243; text_font=&#8221;|600|||||||&#8221; text_text_color=&#8221;#081C59&#8243; text_font_size=&#8221;25px&#8221; global_colors_info=&#8221;{}&#8221;]<\/p>\n<p>Mr Vicente Jim\u00e9nez De La Santa Cruz<\/p>\n<p>[\/et_pb_text][et_pb_text admin_label=&#8221;Title&#8221; _builder_version=&#8221;4.15&#8243; text_font=&#8221;||||||||&#8221; header_font=&#8221;||||||||&#8221; header_2_font=&#8221;||||||||&#8221; header_3_font=&#8221;Lato|700|||||||&#8221; header_3_font_size=&#8221;18px&#8221; header_3_line_height=&#8221;1.5em&#8221; header_4_font=&#8221;Lato||||||||&#8221; header_4_font_size=&#8221;16px&#8221; header_4_line_height=&#8221;1.5em&#8221; custom_margin=&#8221;||15px|&#8221; animation_style=&#8221;flip&#8221; animation_intensity_flip=&#8221;20%&#8221; animation_starting_opacity=&#8221;100%&#8221; locked=&#8221;off&#8221; global_colors_info=&#8221;{}&#8221;]Representative of the company Amasur, SL.<br \/>\n<strong>Deputy<\/strong>: Natalia Candelaria Jim\u00e9nez Borges<br \/>\n[\/et_pb_text][\/et_pb_column_inner][et_pb_column_inner type=&#8221;1_3&#8243; saved_specialty_column_type=&#8221;3_4&#8243; _builder_version=&#8221;4.15&#8243; global_colors_info=&#8221;{}&#8221;][et_pb_text _builder_version=&#8221;4.15&#8243; text_font=&#8221;|600|||||||&#8221; text_text_color=&#8221;#081C59&#8243; text_font_size=&#8221;25px&#8221; global_colors_info=&#8221;{}&#8221;]<\/p>\n<p>Mr Manuel \u00c1ngel Hern\u00e1ndez D\u00e1maso<\/p>\n<p>[\/et_pb_text][et_pb_text admin_label=&#8221;Title&#8221; _builder_version=&#8221;4.15&#8243; text_font=&#8221;||||||||&#8221; header_font=&#8221;||||||||&#8221; header_2_font=&#8221;||||||||&#8221; header_3_font=&#8221;Lato|700|||||||&#8221; header_3_font_size=&#8221;18px&#8221; header_3_line_height=&#8221;1.5em&#8221; header_4_font=&#8221;Lato||||||||&#8221; header_4_font_size=&#8221;16px&#8221; header_4_line_height=&#8221;1.5em&#8221; custom_margin=&#8221;||15px|&#8221; animation_style=&#8221;flip&#8221; animation_intensity_flip=&#8221;20%&#8221; animation_starting_opacity=&#8221;100%&#8221; locked=&#8221;off&#8221; global_colors_info=&#8221;{}&#8221;]Representative of the Directorate General for Transport of the Department of Public Works, Transport and Housing of the Government of the Canary Islands. [\/et_pb_text][\/et_pb_column_inner][\/et_pb_row_inner][\/et_pb_column][\/et_pb_section][et_pb_section fb_built=&#8221;1&#8243; _builder_version=&#8221;4.15&#8243; background_color=&#8221;#081C59&#8243; height=&#8221;50px&#8221; custom_margin=&#8221;0px|0px|0px|0px|false|false&#8221; custom_padding=&#8221;0px|0px|0px|0px|false|false&#8221; collapsed=&#8221;off&#8221; global_colors_info=&#8221;{}&#8221;][\/et_pb_section][et_pb_section fb_built=&#8221;1&#8243; custom_padding_last_edited=&#8221;on|tablet&#8221; admin_label=&#8221;Footer general 1.1&#8243; module_class=&#8221;mozart_consult_testimonials&#8221; _builder_version=&#8221;4.4.8&#8243; background_color=&#8221;#ffffff&#8221; background_enable_color=&#8221;off&#8221; background_image=&#8221;https:\/\/www.puertosdetenerife.org\/wp-content\/uploads\/2019\/09\/half-boat-blue-transparent50-104&#215;300.png&#8221; background_enable_image=&#8221;off&#8221; background_size=&#8221;contain&#8221; background_position=&#8221;center_right&#8221; custom_margin=&#8221;50px||||false|false&#8221; custom_padding=&#8221;0.3%||0%|||&#8221; custom_padding_tablet=&#8221;50px||50px|&#8221; custom_padding_phone=&#8221;&#8221; custom_css_main_element=&#8221; overflow: hidden;||||&#8221; global_module=&#8221;215192&#8243; saved_tabs=&#8221;all&#8221; collapsed=&#8221;off&#8221; global_colors_info=&#8221;{}&#8221;][et_pb_row custom_padding_last_edited=&#8221;on|tablet&#8221; admin_label=&#8221;Mozart &#8211; Home&#8221; _builder_version=&#8221;4.15&#8243; background_size=&#8221;initial&#8221; background_position=&#8221;top_left&#8221; background_repeat=&#8221;repeat&#8221; custom_padding=&#8221;3px|0px|3px|0px||&#8221; custom_padding_tablet=&#8221;0px|0px|0px|0px&#8221; custom_padding_phone=&#8221;&#8221; global_colors_info=&#8221;{}&#8221;][et_pb_column type=&#8221;4_4&#8243; _builder_version=&#8221;4.15&#8243; custom_padding=&#8221;|||&#8221; global_colors_info=&#8221;{}&#8221; custom_padding__hover=&#8221;|||&#8221;][et_pb_image src=&#8221;https:\/\/www.puertosdetenerife.org\/wp-content\/uploads\/2019\/09\/Saparador-Puertos-e1568731759160.png&#8221; align_tablet=&#8221;center&#8221; align_phone=&#8221;&#8221; align_last_edited=&#8221;on|desktop&#8221; admin_label=&#8221;Image 1170 x 51 pixels&#8221; _builder_version=&#8221;4.15&#8243; transform_scale=&#8221;50%|50%&#8221; filter_opacity=&#8221;50%&#8221; global_colors_info=&#8221;{}&#8221;][\/et_pb_image][\/et_pb_column][\/et_pb_row][et_pb_row _builder_version=&#8221;4.15&#8243; global_colors_info=&#8221;{}&#8221;][et_pb_column type=&#8221;4_4&#8243; _builder_version=&#8221;4.15&#8243; global_colors_info=&#8221;{}&#8221;][et_pb_text _builder_version=&#8221;4.15&#8243; global_colors_info=&#8221;{}&#8221;]<\/p>\n<h2>Featured Information<\/h2>\n<p>[\/et_pb_text][\/et_pb_column][\/et_pb_row][et_pb_row column_structure=&#8221;1_4,1_4,1_4,1_4&#8243; _builder_version=&#8221;4.15&#8243; global_colors_info=&#8221;{}&#8221;][et_pb_column type=&#8221;1_4&#8243; _builder_version=&#8221;4.15&#8243; global_colors_info=&#8221;{}&#8221;][et_pb_text _builder_version=&#8221;4.15&#8243; custom_css_main_element=&#8221;font-weight: normal !important;&#8221; global_colors_info=&#8221;{}&#8221;]<\/p>\n<p style=\"text-align: left;\">\n<a href=\"\/en\/port-legislation-and-regulations\/\">Port Legislation and Regulations<\/a><br \/>\n<a href=\"\/en\/environment\/ \">Environment<\/a><br \/>\n<a href=\"\/en\/economic-and-financial\/electronic-invoicing-face\/\">Economic and Financial<\/a><br \/>\n<a href=\"\/en\/people-and-organisation\/\">People and Organisation<\/a><br \/>\n<a href=\"\/en\/protection-and-security\/ \">Protection and Security<\/a><br \/>\n<a href=\"\/en\/statistics\/\">Statistics<\/a><br \/>\n<a href=\/en\/industrial-safety\/\">Industrial Safety<\/a><br \/>\n<a href=\"\/en\/infraestructuras\/\">Infraestructures<\/a><\/p>\n<p>[\/et_pb_text][\/et_pb_column][et_pb_column type=&#8221;1_4&#8243; _builder_version=&#8221;4.15&#8243; global_colors_info=&#8221;{}&#8221;][et_pb_text _builder_version=&#8221;4.15&#8243; global_colors_info=&#8221;{}&#8221;]<\/p>\n<p><a href=\"\/en\/annual-reports\/\">Annual Reports<\/a><br \/> <a href=\"\/en\/fish-marketing-centre\/\">Fish Marketing Centre<\/a><br \/> <a href=\"\/senales-maritimas\/\">Maritime Signals<\/a><br \/> <a href=\"\/en\/marine-weather\/\">Marine Weather<\/a><br \/> <a href=\"\/en\/economic-and-financial\/fees-and-tariffs\/\">Fees and Tariffs<\/a><br \/> <a href=\"https:\/\/canariaszec.com\/en\/\" target=\"_blank\" rel=\"noopener noreferrer\"> Canary Islands Special Zone<\/a><br \/> <a href=\"http:\/\/zonafrancatenerife.es\/en\/\" target=\"_blank\" rel=\"noopener noreferrer\">Tenerife Free Zone<\/a><br \/> <a href=\"https:\/\/www.seappliers.com\/es\/\" target=\"_blank\" rel=\"noopener noreferrer\">Seappliers<\/a><\/p>\n<p>[\/et_pb_text][\/et_pb_column][et_pb_column type=&#8221;1_4&#8243; _builder_version=&#8221;4.15&#8243; global_colors_info=&#8221;{}&#8221;][et_pb_text _builder_version=&#8221;4.15&#8243; global_colors_info=&#8221;{}&#8221;]<\/p>\n<p><a href=\"\/en\/contractor-profile\/\">Contractor Profile<\/a><br \/> <a href=\"http:\/\/sede.puertosdetenerife.gob.es\/sede\/\">Electronic Office<\/a><br \/> <a href=\"\/economico-financiero\/factura-electronica-face\/\">FACe<\/a><br \/> <a href=\"\/en\/processing-of-dangerous-goods\/\">Processing of Dangerous Goods<\/a><br \/> <a href=\"https:\/\/www.puertosdetenerife.org\/en\/port-operations-centre\/updates\/\">Updates<\/a><\/p>\n<p>[\/et_pb_text][\/et_pb_column][et_pb_column type=&#8221;1_4&#8243; _builder_version=&#8221;4.15&#8243; global_colors_info=&#8221;{}&#8221;][et_pb_code _builder_version=&#8221;4.15&#8243; text_orientation=&#8221;left&#8221; global_colors_info=&#8221;{}&#8221;]<div class=\"shariff shariff-align-flex-start shariff-widget-align-flex-start\"><div class=\"ShariffHeadline\">Comparte!<\/div><ul class=\"shariff-buttons theme-round orientation-horizontal buttonsize-medium\"><li class=\"shariff-button facebook\" style=\"background-color:#056E6D;border-radius:1%\"><a href=\"https:\/\/www.facebook.com\/sharer\/sharer.php?u=https%3A%2F%2Fwww.puertosdetenerife.org%2Fen%2Fport-authority-of-santa-cruz-de-tenerife%2Fconsejo-de-navegacion-y-puerto%2F\" title=\"Share on Facebook\" aria-label=\"Share on Facebook\" role=\"button\" rel=\"nofollow\" class=\"shariff-link\" style=\";border-radius:1%; background-color:#081C59; color:#fff\" target=\"_blank\"><span class=\"shariff-icon\" style=\"\"><svg width=\"32px\" height=\"20px\" xmlns=\"http:\/\/www.w3.org\/2000\/svg\" viewBox=\"0 0 18 32\"><path fill=\"#3b5998\" d=\"M17.1 0.2v4.7h-2.8q-1.5 0-2.1 0.6t-0.5 1.9v3.4h5.2l-0.7 5.3h-4.5v13.6h-5.5v-13.6h-4.5v-5.3h4.5v-3.9q0-3.3 1.9-5.2t5-1.8q2.6 0 4.1 0.2z\"\/><\/svg><\/span><\/a><\/li><li class=\"shariff-button twitter\" style=\"background-color:#056E6D;border-radius:1%\"><a href=\"https:\/\/twitter.com\/share?url=https%3A%2F%2Fwww.puertosdetenerife.org%2Fen%2Fport-authority-of-santa-cruz-de-tenerife%2Fconsejo-de-navegacion-y-puerto%2F&text=Navigation%20and%20Port%20Board\" title=\"Share on X\" aria-label=\"Share on X\" role=\"button\" rel=\"noopener nofollow\" class=\"shariff-link\" style=\";border-radius:1%; background-color:#081C59; color:#fff\" target=\"_blank\"><span class=\"shariff-icon\" style=\"\"><svg width=\"32px\" height=\"20px\" xmlns=\"http:\/\/www.w3.org\/2000\/svg\" viewBox=\"0 0 24 24\"><path fill=\"#000\" d=\"M14.258 10.152L23.176 0h-2.113l-7.747 8.813L7.133 0H0l9.352 13.328L0 23.973h2.113l8.176-9.309 6.531 9.309h7.133zm-2.895 3.293l-.949-1.328L2.875 1.56h3.246l6.086 8.523.945 1.328 7.91 11.078h-3.246zm0 0\"\/><\/svg><\/span><\/a><\/li><li class=\"shariff-button linkedin\" style=\"background-color:#056E6D;border-radius:1%\"><a href=\"https:\/\/www.linkedin.com\/sharing\/share-offsite\/?url=https%3A%2F%2Fwww.puertosdetenerife.org%2Fen%2Fport-authority-of-santa-cruz-de-tenerife%2Fconsejo-de-navegacion-y-puerto%2F\" title=\"Share on LinkedIn\" aria-label=\"Share on LinkedIn\" role=\"button\" rel=\"noopener nofollow\" class=\"shariff-link\" style=\";border-radius:1%; background-color:#081C59; color:#fff\" target=\"_blank\"><span class=\"shariff-icon\" style=\"\"><svg width=\"32px\" height=\"20px\" xmlns=\"http:\/\/www.w3.org\/2000\/svg\" viewBox=\"0 0 27 32\"><path fill=\"#0077b5\" d=\"M6.2 11.2v17.7h-5.9v-17.7h5.9zM6.6 5.7q0 1.3-0.9 2.2t-2.4 0.9h0q-1.5 0-2.4-0.9t-0.9-2.2 0.9-2.2 2.4-0.9 2.4 0.9 0.9 2.2zM27.4 18.7v10.1h-5.9v-9.5q0-1.9-0.7-2.9t-2.3-1.1q-1.1 0-1.9 0.6t-1.2 1.5q-0.2 0.5-0.2 1.4v9.9h-5.9q0-7.1 0-11.6t0-5.3l0-0.9h5.9v2.6h0q0.4-0.6 0.7-1t1-0.9 1.6-0.8 2-0.3q3 0 4.9 2t1.9 6z\"\/><\/svg><\/span><\/a><\/li><li class=\"shariff-button whatsapp\" style=\"background-color:#056E6D;border-radius:1%\"><a href=\"https:\/\/api.whatsapp.com\/send?text=https%3A%2F%2Fwww.puertosdetenerife.org%2Fen%2Fport-authority-of-santa-cruz-de-tenerife%2Fconsejo-de-navegacion-y-puerto%2F%20Navigation%20and%20Port%20Board\" title=\"Share on Whatsapp\" aria-label=\"Share on Whatsapp\" role=\"button\" rel=\"noopener nofollow\" class=\"shariff-link\" style=\";border-radius:1%; background-color:#081C59; color:#fff\" target=\"_blank\"><span class=\"shariff-icon\" style=\"\"><svg width=\"32px\" height=\"20px\" xmlns=\"http:\/\/www.w3.org\/2000\/svg\" viewBox=\"0 0 32 32\"><path fill=\"#34af23\" d=\"M17.6 17.4q0.2 0 1.7 0.8t1.6 0.9q0 0.1 0 0.3 0 0.6-0.3 1.4-0.3 0.7-1.3 1.2t-1.8 0.5q-1 0-3.4-1.1-1.7-0.8-3-2.1t-2.6-3.3q-1.3-1.9-1.3-3.5v-0.1q0.1-1.6 1.3-2.8 0.4-0.4 0.9-0.4 0.1 0 0.3 0t0.3 0q0.3 0 0.5 0.1t0.3 0.5q0.1 0.4 0.6 1.6t0.4 1.3q0 0.4-0.6 1t-0.6 0.8q0 0.1 0.1 0.3 0.6 1.3 1.8 2.4 1 0.9 2.7 1.8 0.2 0.1 0.4 0.1 0.3 0 1-0.9t0.9-0.9zM14 26.9q2.3 0 4.3-0.9t3.6-2.4 2.4-3.6 0.9-4.3-0.9-4.3-2.4-3.6-3.6-2.4-4.3-0.9-4.3 0.9-3.6 2.4-2.4 3.6-0.9 4.3q0 3.6 2.1 6.6l-1.4 4.2 4.3-1.4q2.8 1.9 6.2 1.9zM14 2.2q2.7 0 5.2 1.1t4.3 2.9 2.9 4.3 1.1 5.2-1.1 5.2-2.9 4.3-4.3 2.9-5.2 1.1q-3.5 0-6.5-1.7l-7.4 2.4 2.4-7.2q-1.9-3.2-1.9-6.9 0-2.7 1.1-5.2t2.9-4.3 4.3-2.9 5.2-1.1z\"\/><\/svg><\/span><\/a><\/li><li class=\"shariff-button mailto\" style=\"background-color:#056E6D;border-radius:1%\"><a href=\"mailto:?body=https%3A%2F%2Fwww.puertosdetenerife.org%2Fen%2Fport-authority-of-santa-cruz-de-tenerife%2Fconsejo-de-navegacion-y-puerto%2F&subject=Navigation%20and%20Port%20Board\" title=\"Send by email\" aria-label=\"Send by email\" role=\"button\" rel=\"noopener nofollow\" class=\"shariff-link\" style=\";border-radius:1%; background-color:#081C59; color:#fff\"><span class=\"shariff-icon\" style=\"\"><svg width=\"32px\" height=\"20px\" xmlns=\"http:\/\/www.w3.org\/2000\/svg\" viewBox=\"0 0 32 32\"><path fill=\"#999\" d=\"M32 12.7v14.2q0 1.2-0.8 2t-2 0.9h-26.3q-1.2 0-2-0.9t-0.8-2v-14.2q0.8 0.9 1.8 1.6 6.5 4.4 8.9 6.1 1 0.8 1.6 1.2t1.7 0.9 2 0.4h0.1q0.9 0 2-0.4t1.7-0.9 1.6-1.2q3-2.2 8.9-6.1 1-0.7 1.8-1.6zM32 7.4q0 1.4-0.9 2.7t-2.2 2.2q-6.7 4.7-8.4 5.8-0.2 0.1-0.7 0.5t-1 0.7-0.9 0.6-1.1 0.5-0.9 0.2h-0.1q-0.4 0-0.9-0.2t-1.1-0.5-0.9-0.6-1-0.7-0.7-0.5q-1.6-1.1-4.7-3.2t-3.6-2.6q-1.1-0.7-2.1-2t-1-2.5q0-1.4 0.7-2.3t2.1-0.9h26.3q1.2 0 2 0.8t0.9 2z\"\/><\/svg><\/span><\/a><\/li><\/ul><\/div>[\/et_pb_code][et_pb_image src=&#8221;https:\/\/www.puertosdetenerife.org\/wp-content\/uploads\/2020\/07\/Certificados-de-calidad-AENOR-y-EFR_2020-1.png&#8221; alt=&#8221;Certificados de calidad de gesti\u00f3n ambiental y seguridad y salud laboral&#8221; title_text=&#8221;Certificados-de-calidad-AENOR-y-EFR_2020-1&#8243; url=&#8221;https:\/\/www.puertosdetenerife.org\/wp-content\/uploads\/2021\/06\/Certificados-junio-2021.pdf&#8221; url_new_window=&#8221;on&#8221; _builder_version=&#8221;4.15&#8243; global_colors_info=&#8221;{}&#8221;][\/et_pb_image][\/et_pb_column][\/et_pb_row][et_pb_row column_structure=&#8221;1_2,1_2&#8243; _builder_version=&#8221;4.15&#8243; global_colors_info=&#8221;{}&#8221;][et_pb_column type=&#8221;1_2&#8243; _builder_version=&#8221;4.15&#8243; global_colors_info=&#8221;{}&#8221;][et_pb_image src=&#8221;https:\/\/www.puertosdetenerife.org\/wp-content\/uploads\/2020\/02\/Logo-Ministerio-de-Fomento.png&#8221; url=&#8221;https:\/\/www.mitma.gob.es\/&#8221; url_new_window=&#8221;on&#8221; _builder_version=&#8221;4.15&#8243; custom_margin=&#8221;|50px||50px|false|false&#8221; custom_margin_tablet=&#8221;&#8221; custom_margin_phone=&#8221;|0px||0px|false|false&#8221; custom_margin_last_edited=&#8221;on|phone&#8221; global_colors_info=&#8221;{}&#8221;][\/et_pb_image][\/et_pb_column][et_pb_column type=&#8221;1_2&#8243; _builder_version=&#8221;4.15&#8243; global_colors_info=&#8221;{}&#8221;][et_pb_image src=&#8221;https:\/\/www.puertosdetenerife.org\/wp-content\/uploads\/2020\/02\/Logo-Puertos-del-Estado.png&#8221; url=&#8221;http:\/\/www.puertos.es\/en-us&#8221; url_new_window=&#8221;on&#8221; _builder_version=&#8221;4.15&#8243; custom_margin=&#8221;|50px||50px|false|false&#8221; custom_margin_tablet=&#8221;&#8221; custom_margin_phone=&#8221;|0px||0px|false|false&#8221; custom_margin_last_edited=&#8221;on|phone&#8221; global_colors_info=&#8221;{}&#8221;][\/et_pb_image][\/et_pb_column][\/et_pb_row][et_pb_row use_custom_gutter=&#8221;on&#8221; gutter_width=&#8221;1&#8243; admin_label=&#8221;Mozart &#8211; Home&#8221; _builder_version=&#8221;4.15&#8243; max_width=&#8221;1175px&#8221; custom_padding=&#8221;22px||18px|&#8221; use_custom_width=&#8221;on&#8221; custom_width_px=&#8221;1175px&#8221; global_colors_info=&#8221;{}&#8221;][et_pb_column type=&#8221;4_4&#8243; _builder_version=&#8221;4.15&#8243; background_position=&#8221;top_left&#8221; custom_padding=&#8221;|||&#8221; global_colors_info=&#8221;{}&#8221; custom_padding__hover=&#8221;|||&#8221;][et_pb_text admin_label=&#8221;Copyright Website 2018 | Privacy Policy | Disclaimer | Site Map&#8221; _builder_version=&#8221;4.15&#8243; text_font=&#8221;||||||||&#8221; text_text_color=&#8221;#081C59&#8243; text_letter_spacing=&#8221;0.1px&#8221; text_line_height=&#8221;1.5em&#8221; module_alignment=&#8221;center&#8221; custom_padding=&#8221;|||4px&#8221; global_colors_info=&#8221;{}&#8221;]<\/p>\n<p style=\"text-align: left;\"><a href=\"\/en\/privacy-policy\/\">Privacy Policy<\/a> \u00a0| \u00a0<a href=\"\/en\/legal-advice\/\">Legal Notice<\/a><\/p>\n<p>[\/et_pb_text][\/et_pb_column][\/et_pb_row][\/et_pb_section]<\/p>\n<div class=\"shariff shariff-align-flex-start shariff-widget-align-flex-start\"><div class=\"ShariffHeadline\">Comparte!<\/div><ul class=\"shariff-buttons theme-round orientation-horizontal buttonsize-medium\"><li class=\"shariff-button facebook\" style=\"background-color:#056E6D;border-radius:1%\"><a href=\"https:\/\/www.facebook.com\/sharer\/sharer.php?u=https%3A%2F%2Fwww.puertosdetenerife.org%2Fen%2Fport-authority-of-santa-cruz-de-tenerife%2Fconsejo-de-navegacion-y-puerto%2F\" title=\"Share on Facebook\" aria-label=\"Share on Facebook\" role=\"button\" rel=\"nofollow\" class=\"shariff-link\" style=\";border-radius:1%; background-color:#081C59; color:#fff\" target=\"_blank\"><span class=\"shariff-icon\" style=\"\"><svg width=\"32px\" height=\"20px\" xmlns=\"http:\/\/www.w3.org\/2000\/svg\" viewBox=\"0 0 18 32\"><path fill=\"#3b5998\" d=\"M17.1 0.2v4.7h-2.8q-1.5 0-2.1 0.6t-0.5 1.9v3.4h5.2l-0.7 5.3h-4.5v13.6h-5.5v-13.6h-4.5v-5.3h4.5v-3.9q0-3.3 1.9-5.2t5-1.8q2.6 0 4.1 0.2z\"\/><\/svg><\/span><\/a><\/li><li class=\"shariff-button twitter\" style=\"background-color:#056E6D;border-radius:1%\"><a href=\"https:\/\/twitter.com\/share?url=https%3A%2F%2Fwww.puertosdetenerife.org%2Fen%2Fport-authority-of-santa-cruz-de-tenerife%2Fconsejo-de-navegacion-y-puerto%2F&text=Navigation%20and%20Port%20Board\" title=\"Share on X\" aria-label=\"Share on X\" role=\"button\" rel=\"noopener nofollow\" class=\"shariff-link\" style=\";border-radius:1%; background-color:#081C59; color:#fff\" target=\"_blank\"><span class=\"shariff-icon\" style=\"\"><svg width=\"32px\" height=\"20px\" xmlns=\"http:\/\/www.w3.org\/2000\/svg\" viewBox=\"0 0 24 24\"><path fill=\"#000\" d=\"M14.258 10.152L23.176 0h-2.113l-7.747 8.813L7.133 0H0l9.352 13.328L0 23.973h2.113l8.176-9.309 6.531 9.309h7.133zm-2.895 3.293l-.949-1.328L2.875 1.56h3.246l6.086 8.523.945 1.328 7.91 11.078h-3.246zm0 0\"\/><\/svg><\/span><\/a><\/li><li class=\"shariff-button linkedin\" style=\"background-color:#056E6D;border-radius:1%\"><a href=\"https:\/\/www.linkedin.com\/sharing\/share-offsite\/?url=https%3A%2F%2Fwww.puertosdetenerife.org%2Fen%2Fport-authority-of-santa-cruz-de-tenerife%2Fconsejo-de-navegacion-y-puerto%2F\" title=\"Share on LinkedIn\" aria-label=\"Share on LinkedIn\" role=\"button\" rel=\"noopener nofollow\" class=\"shariff-link\" style=\";border-radius:1%; background-color:#081C59; color:#fff\" target=\"_blank\"><span class=\"shariff-icon\" style=\"\"><svg width=\"32px\" height=\"20px\" xmlns=\"http:\/\/www.w3.org\/2000\/svg\" viewBox=\"0 0 27 32\"><path fill=\"#0077b5\" d=\"M6.2 11.2v17.7h-5.9v-17.7h5.9zM6.6 5.7q0 1.3-0.9 2.2t-2.4 0.9h0q-1.5 0-2.4-0.9t-0.9-2.2 0.9-2.2 2.4-0.9 2.4 0.9 0.9 2.2zM27.4 18.7v10.1h-5.9v-9.5q0-1.9-0.7-2.9t-2.3-1.1q-1.1 0-1.9 0.6t-1.2 1.5q-0.2 0.5-0.2 1.4v9.9h-5.9q0-7.1 0-11.6t0-5.3l0-0.9h5.9v2.6h0q0.4-0.6 0.7-1t1-0.9 1.6-0.8 2-0.3q3 0 4.9 2t1.9 6z\"\/><\/svg><\/span><\/a><\/li><li class=\"shariff-button whatsapp\" style=\"background-color:#056E6D;border-radius:1%\"><a href=\"https:\/\/api.whatsapp.com\/send?text=https%3A%2F%2Fwww.puertosdetenerife.org%2Fen%2Fport-authority-of-santa-cruz-de-tenerife%2Fconsejo-de-navegacion-y-puerto%2F%20Navigation%20and%20Port%20Board\" title=\"Share on Whatsapp\" aria-label=\"Share on Whatsapp\" role=\"button\" rel=\"noopener nofollow\" class=\"shariff-link\" style=\";border-radius:1%; background-color:#081C59; color:#fff\" target=\"_blank\"><span class=\"shariff-icon\" style=\"\"><svg width=\"32px\" height=\"20px\" xmlns=\"http:\/\/www.w3.org\/2000\/svg\" viewBox=\"0 0 32 32\"><path fill=\"#34af23\" d=\"M17.6 17.4q0.2 0 1.7 0.8t1.6 0.9q0 0.1 0 0.3 0 0.6-0.3 1.4-0.3 0.7-1.3 1.2t-1.8 0.5q-1 0-3.4-1.1-1.7-0.8-3-2.1t-2.6-3.3q-1.3-1.9-1.3-3.5v-0.1q0.1-1.6 1.3-2.8 0.4-0.4 0.9-0.4 0.1 0 0.3 0t0.3 0q0.3 0 0.5 0.1t0.3 0.5q0.1 0.4 0.6 1.6t0.4 1.3q0 0.4-0.6 1t-0.6 0.8q0 0.1 0.1 0.3 0.6 1.3 1.8 2.4 1 0.9 2.7 1.8 0.2 0.1 0.4 0.1 0.3 0 1-0.9t0.9-0.9zM14 26.9q2.3 0 4.3-0.9t3.6-2.4 2.4-3.6 0.9-4.3-0.9-4.3-2.4-3.6-3.6-2.4-4.3-0.9-4.3 0.9-3.6 2.4-2.4 3.6-0.9 4.3q0 3.6 2.1 6.6l-1.4 4.2 4.3-1.4q2.8 1.9 6.2 1.9zM14 2.2q2.7 0 5.2 1.1t4.3 2.9 2.9 4.3 1.1 5.2-1.1 5.2-2.9 4.3-4.3 2.9-5.2 1.1q-3.5 0-6.5-1.7l-7.4 2.4 2.4-7.2q-1.9-3.2-1.9-6.9 0-2.7 1.1-5.2t2.9-4.3 4.3-2.9 5.2-1.1z\"\/><\/svg><\/span><\/a><\/li><li class=\"shariff-button mailto\" style=\"background-color:#056E6D;border-radius:1%\"><a href=\"mailto:?body=https%3A%2F%2Fwww.puertosdetenerife.org%2Fen%2Fport-authority-of-santa-cruz-de-tenerife%2Fconsejo-de-navegacion-y-puerto%2F&subject=Navigation%20and%20Port%20Board\" title=\"Send by email\" aria-label=\"Send by email\" role=\"button\" rel=\"noopener nofollow\" class=\"shariff-link\" style=\";border-radius:1%; background-color:#081C59; color:#fff\"><span class=\"shariff-icon\" style=\"\"><svg width=\"32px\" height=\"20px\" xmlns=\"http:\/\/www.w3.org\/2000\/svg\" viewBox=\"0 0 32 32\"><path fill=\"#999\" d=\"M32 12.7v14.2q0 1.2-0.8 2t-2 0.9h-26.3q-1.2 0-2-0.9t-0.8-2v-14.2q0.8 0.9 1.8 1.6 6.5 4.4 8.9 6.1 1 0.8 1.6 1.2t1.7 0.9 2 0.4h0.1q0.9 0 2-0.4t1.7-0.9 1.6-1.2q3-2.2 8.9-6.1 1-0.7 1.8-1.6zM32 7.4q0 1.4-0.9 2.7t-2.2 2.2q-6.7 4.7-8.4 5.8-0.2 0.1-0.7 0.5t-1 0.7-0.9 0.6-1.1 0.5-0.9 0.2h-0.1q-0.4 0-0.9-0.2t-1.1-0.5-0.9-0.6-1-0.7-0.7-0.5q-1.6-1.1-4.7-3.2t-3.6-2.6q-1.1-0.7-2.1-2t-1-2.5q0-1.4 0.7-2.3t2.1-0.9h26.3q1.2 0 2 0.8t0.9 2z\"\/><\/svg><\/span><\/a><\/li><\/ul><\/div>","protected":false},"excerpt":{"rendered":"<p>Navigation and Port Board Mr Carlos E. Gonz\u00e1lezPresident. President of the Port Authority of Santa Cruz de Tenerife.Mrs Rosario Arteaga Rodr\u00edguezSecretary. General Secretariat of the Port Authority of Santa Cruz de Tenerife.D. Javier I. Mora QuinteroDirector of the Port Authority of Santa Cruz de Tenerife.Mr Marcos Hern\u00e1ndez AcostaHead of the Operational Development Department of the [&hellip;]<\/p>\n","protected":false},"author":1,"featured_media":0,"parent":224115,"menu_order":0,"comment_status":"closed","ping_status":"closed","template":"","meta":{"_et_pb_use_builder":"on","_et_pb_old_content":"","_et_gb_content_width":"","footnotes":""},"coauthors":[183],"class_list":["post-225026","page","type-page","status-publish","hentry"],"yoast_head":"<!-- This site is optimized with the Yoast SEO plugin v25.0 - https:\/\/yoast.com\/wordpress\/plugins\/seo\/ -->\n<title>Navigation and Port Board - Autoridad Portuaria de Santa Cruz de Tenerife<\/title>\n<meta name=\"robots\" content=\"index, follow, max-snippet:-1, max-image-preview:large, max-video-preview:-1\" \/>\n<link rel=\"canonical\" href=\"https:\/\/www.puertosdetenerife.org\/en\/port-authority-of-santa-cruz-de-tenerife\/consejo-de-navegacion-y-puerto\/\" \/>\n<meta property=\"og:locale\" content=\"en_US\" \/>\n<meta property=\"og:type\" content=\"article\" \/>\n<meta property=\"og:title\" content=\"Navigation and Port Board - Autoridad Portuaria de Santa Cruz de Tenerife\" \/>\n<meta property=\"og:description\" content=\"Navigation and Port Board Mr Carlos E. Gonz\u00e1lezPresident. President of the Port Authority of Santa Cruz de Tenerife.Mrs Rosario Arteaga Rodr\u00edguezSecretary. General Secretariat of the Port Authority of Santa Cruz de Tenerife.D. Javier I. Mora QuinteroDirector of the Port Authority of Santa Cruz de Tenerife.Mr Marcos Hern\u00e1ndez AcostaHead of the Operational Development Department of the [&hellip;]\" \/>\n<meta property=\"og:url\" content=\"https:\/\/www.puertosdetenerife.org\/en\/port-authority-of-santa-cruz-de-tenerife\/consejo-de-navegacion-y-puerto\/\" \/>\n<meta property=\"og:site_name\" content=\"Autoridad Portuaria de Santa Cruz de Tenerife\" \/>\n<meta property=\"article:modified_time\" content=\"2022-03-29T11:22:29+00:00\" \/>\n<meta name=\"twitter:card\" content=\"summary_large_image\" \/>\n<meta name=\"twitter:label1\" content=\"Est. reading time\" \/>\n\t<meta name=\"twitter:data1\" content=\"17 minutes\" \/>\n<script type=\"application\/ld+json\" class=\"yoast-schema-graph\">{\"@context\":\"https:\/\/schema.org\",\"@graph\":[{\"@type\":\"WebPage\",\"@id\":\"https:\/\/www.puertosdetenerife.org\/en\/port-authority-of-santa-cruz-de-tenerife\/consejo-de-navegacion-y-puerto\/\",\"url\":\"https:\/\/www.puertosdetenerife.org\/en\/port-authority-of-santa-cruz-de-tenerife\/consejo-de-navegacion-y-puerto\/\",\"name\":\"Navigation and Port Board - Autoridad Portuaria de Santa Cruz de Tenerife\",\"isPartOf\":{\"@id\":\"https:\/\/www.puertosdetenerife.org\/#website\"},\"datePublished\":\"2019-12-11T10:28:59+00:00\",\"dateModified\":\"2022-03-29T11:22:29+00:00\",\"breadcrumb\":{\"@id\":\"https:\/\/www.puertosdetenerife.org\/en\/port-authority-of-santa-cruz-de-tenerife\/consejo-de-navegacion-y-puerto\/#breadcrumb\"},\"inLanguage\":\"en-US\",\"potentialAction\":[{\"@type\":\"ReadAction\",\"target\":[\"https:\/\/www.puertosdetenerife.org\/en\/port-authority-of-santa-cruz-de-tenerife\/consejo-de-navegacion-y-puerto\/\"]}]},{\"@type\":\"BreadcrumbList\",\"@id\":\"https:\/\/www.puertosdetenerife.org\/en\/port-authority-of-santa-cruz-de-tenerife\/consejo-de-navegacion-y-puerto\/#breadcrumb\",\"itemListElement\":[{\"@type\":\"ListItem\",\"position\":1,\"name\":\"Portada\",\"item\":\"https:\/\/www.puertosdetenerife.org\/en\/\"},{\"@type\":\"ListItem\",\"position\":2,\"name\":\"Port Authority of Santa Cruz de Tenerife\",\"item\":\"https:\/\/www.puertosdetenerife.org\/en\/port-authority-of-santa-cruz-de-tenerife\/\"},{\"@type\":\"ListItem\",\"position\":3,\"name\":\"Navigation and Port Board\"}]},{\"@type\":\"WebSite\",\"@id\":\"https:\/\/www.puertosdetenerife.org\/#website\",\"url\":\"https:\/\/www.puertosdetenerife.org\/\",\"name\":\"Autoridad Portuaria de Santa Cruz de Tenerife\",\"description\":\"Puertos de Tenerife\",\"potentialAction\":[{\"@type\":\"SearchAction\",\"target\":{\"@type\":\"EntryPoint\",\"urlTemplate\":\"https:\/\/www.puertosdetenerife.org\/?s={search_term_string}\"},\"query-input\":{\"@type\":\"PropertyValueSpecification\",\"valueRequired\":true,\"valueName\":\"search_term_string\"}}],\"inLanguage\":\"en-US\"}]}<\/script>\n<!-- \/ Yoast SEO plugin. -->","yoast_head_json":{"title":"Navigation and Port Board - Autoridad Portuaria de Santa Cruz de Tenerife","robots":{"index":"index","follow":"follow","max-snippet":"max-snippet:-1","max-image-preview":"max-image-preview:large","max-video-preview":"max-video-preview:-1"},"canonical":"https:\/\/www.puertosdetenerife.org\/en\/port-authority-of-santa-cruz-de-tenerife\/consejo-de-navegacion-y-puerto\/","og_locale":"en_US","og_type":"article","og_title":"Navigation and Port Board - Autoridad Portuaria de Santa Cruz de Tenerife","og_description":"Navigation and Port Board Mr Carlos E. Gonz\u00e1lezPresident. President of the Port Authority of Santa Cruz de Tenerife.Mrs Rosario Arteaga Rodr\u00edguezSecretary. General Secretariat of the Port Authority of Santa Cruz de Tenerife.D. Javier I. Mora QuinteroDirector of the Port Authority of Santa Cruz de Tenerife.Mr Marcos Hern\u00e1ndez AcostaHead of the Operational Development Department of the [&hellip;]","og_url":"https:\/\/www.puertosdetenerife.org\/en\/port-authority-of-santa-cruz-de-tenerife\/consejo-de-navegacion-y-puerto\/","og_site_name":"Autoridad Portuaria de Santa Cruz de Tenerife","article_modified_time":"2022-03-29T11:22:29+00:00","twitter_card":"summary_large_image","twitter_misc":{"Est. reading time":"17 minutes"},"schema":{"@context":"https:\/\/schema.org","@graph":[{"@type":"WebPage","@id":"https:\/\/www.puertosdetenerife.org\/en\/port-authority-of-santa-cruz-de-tenerife\/consejo-de-navegacion-y-puerto\/","url":"https:\/\/www.puertosdetenerife.org\/en\/port-authority-of-santa-cruz-de-tenerife\/consejo-de-navegacion-y-puerto\/","name":"Navigation and Port Board - Autoridad Portuaria de Santa Cruz de Tenerife","isPartOf":{"@id":"https:\/\/www.puertosdetenerife.org\/#website"},"datePublished":"2019-12-11T10:28:59+00:00","dateModified":"2022-03-29T11:22:29+00:00","breadcrumb":{"@id":"https:\/\/www.puertosdetenerife.org\/en\/port-authority-of-santa-cruz-de-tenerife\/consejo-de-navegacion-y-puerto\/#breadcrumb"},"inLanguage":"en-US","potentialAction":[{"@type":"ReadAction","target":["https:\/\/www.puertosdetenerife.org\/en\/port-authority-of-santa-cruz-de-tenerife\/consejo-de-navegacion-y-puerto\/"]}]},{"@type":"BreadcrumbList","@id":"https:\/\/www.puertosdetenerife.org\/en\/port-authority-of-santa-cruz-de-tenerife\/consejo-de-navegacion-y-puerto\/#breadcrumb","itemListElement":[{"@type":"ListItem","position":1,"name":"Portada","item":"https:\/\/www.puertosdetenerife.org\/en\/"},{"@type":"ListItem","position":2,"name":"Port Authority of Santa Cruz de Tenerife","item":"https:\/\/www.puertosdetenerife.org\/en\/port-authority-of-santa-cruz-de-tenerife\/"},{"@type":"ListItem","position":3,"name":"Navigation and Port Board"}]},{"@type":"WebSite","@id":"https:\/\/www.puertosdetenerife.org\/#website","url":"https:\/\/www.puertosdetenerife.org\/","name":"Autoridad Portuaria de Santa Cruz de Tenerife","description":"Puertos de Tenerife","potentialAction":[{"@type":"SearchAction","target":{"@type":"EntryPoint","urlTemplate":"https:\/\/www.puertosdetenerife.org\/?s={search_term_string}"},"query-input":{"@type":"PropertyValueSpecification","valueRequired":true,"valueName":"search_term_string"}}],"inLanguage":"en-US"}]}},"_links":{"self":[{"href":"https:\/\/www.puertosdetenerife.org\/en\/wp-json\/wp\/v2\/pages\/225026","targetHints":{"allow":["GET"]}}],"collection":[{"href":"https:\/\/www.puertosdetenerife.org\/en\/wp-json\/wp\/v2\/pages"}],"about":[{"href":"https:\/\/www.puertosdetenerife.org\/en\/wp-json\/wp\/v2\/types\/page"}],"author":[{"embeddable":true,"href":"https:\/\/www.puertosdetenerife.org\/en\/wp-json\/wp\/v2\/users\/1"}],"replies":[{"embeddable":true,"href":"https:\/\/www.puertosdetenerife.org\/en\/wp-json\/wp\/v2\/comments?post=225026"}],"version-history":[{"count":0,"href":"https:\/\/www.puertosdetenerife.org\/en\/wp-json\/wp\/v2\/pages\/225026\/revisions"}],"up":[{"embeddable":true,"href":"https:\/\/www.puertosdetenerife.org\/en\/wp-json\/wp\/v2\/pages\/224115"}],"wp:attachment":[{"href":"https:\/\/www.puertosdetenerife.org\/en\/wp-json\/wp\/v2\/media?parent=225026"}],"wp:term":[{"taxonomy":"author","embeddable":true,"href":"https:\/\/www.puertosdetenerife.org\/en\/wp-json\/wp\/v2\/coauthors?post=225026"}],"curies":[{"name":"wp","href":"https:\/\/api.w.org\/{rel}","templated":true}]}}